{"id":552,"date":"2024-08-10T21:08:44","date_gmt":"2024-08-10T19:08:44","guid":{"rendered":"https:\/\/veronikasouckova.cz\/?page_id=552"},"modified":"2025-12-11T23:17:18","modified_gmt":"2025-12-11T22:17:18","slug":"chakradance","status":"publish","type":"page","link":"https:\/\/veronikasouckova.cz\/?page_id=552","title":{"rendered":"Ch a k r a d a n c e"},"content":{"rendered":"\n<figure class=\"wp-block-video\"><video height=\"1080\" style=\"aspect-ratio: 1920 \/ 1080;\" width=\"1920\" autoplay controls src=\"https:\/\/veronikasouckova.cz\/wp-content\/uploads\/2024\/08\/Cakradance-kratke-video.mp4\" playsinline><\/video><\/figure>\n\n\n\n<p><\/p>\n\n\n\n<p class=\"has-text-align-center has-luminous-vivid-amber-background-color has-background has-medium-font-size\"><strong>KURZ CHAKRADANCE<\/strong> <strong>2025<\/strong> &#8211; <strong>setk\u00e1n\u00ed s archetypy bohyn\u00ed<\/strong><\/p>\n\n\n\n<p class=\"has-text-align-center\"><strong>7 setk\u00e1n\u00ed<\/strong> <strong>pro \u017eeny<\/strong><\/p>\n\n\n\n<p class=\"has-text-align-center\"><strong>Za\u010d\u00edn\u00e1me 10.9.  18.30 &#8211; 21:30 1 x za 14 dn\u00ed<\/strong><\/p>\n\n\n\n<p class=\"has-text-align-center\"><strong>Maitrea<\/strong> &#8211; d\u016fm osobn\u00edho rozvoje (T\u00fdnsk\u00e1 uli\u010dka) &#8211; mal\u00fd s\u00e1l<\/p>\n\n\n\n<p class=\"has-text-align-center\">Cena: pro jednotlivce 3.500,- <\/p>\n\n\n\n<p class=\"has-text-align-center\"><strong>7 setk\u00e1n\u00ed prob\u011bhne v term\u00ednech: <\/strong>10.9. , 24.9., 8.10. , 22.10, 5.11. , 19.11. , 3.12. 25<\/p>\n\n\n\n<p class=\"has-text-align-center\"><strong>Jednotliv\u00e9 ve\u010dery\/setk\u00e1n\u00ed:<\/strong> cena: 650,- <\/p>\n\n\n\n<p class=\"has-text-align-center\"><strong>Prihl\u00e1\u0161en\u00ed, rezervace<\/strong> <strong>na:<\/strong><\/p>\n\n\n\n<p class=\"has-text-align-center has-medium-font-size\"><strong>verca.souckova@gmail.com,  604 232 510<\/strong><\/p>\n\n\n\n<p class=\"has-text-align-center has-vivid-red-color has-text-color has-link-color wp-elements-2214c1cfd9763cb9bfb5af2896c66995\"><strong>10.9. <\/strong> Ko\u0159enov\u00e1 \u010dakra &#8211; setk\u00e1n\u00ed s bohyn\u00ed<strong> Issis<\/strong> &#8211; opou\u0161t\u011bn\u00ed star\u00fdch vzorc\u016f<\/p>\n\n\n\n<p class=\"has-text-align-center has-luminous-vivid-orange-color has-text-color has-link-color wp-elements-6eff715319b1394cd201fa570c5fa389\"><strong>24.9. <\/strong> Sakr\u00e1ln\u00ed \u010dakra &#8211; setk\u00e1n\u00ed s bohyn\u00ed <strong>Afrod\u00edt\u00e9<\/strong> &#8211; uzdraven\u00ed sexu\u00e1ln\u00edch zran\u011bn\u00ed<\/p>\n\n\n\n<p class=\"has-text-align-center has-luminous-vivid-amber-color has-text-color has-link-color wp-elements-45a6278fb016831ce00603c98e02341e\"><strong>8.10.  <\/strong>\u010cakra solar plexus &#8211; setk\u00e1n\u00ed s bohyn\u00ed <strong>Sekhmet<\/strong> &#8211; vytv\u00e1\u0159en\u00ed a udr\u017eov\u00e1n\u00ed posv\u00e1tn\u00fdch hranic<\/p>\n\n\n\n<p class=\"has-text-align-center has-vivid-green-cyan-color has-text-color has-link-color wp-elements-6998d6a2e9f2799ffa70c63a1de1e6df\"><strong>22.10.<\/strong> Srde\u010dn\u00ed \u010dakra &#8211; setk\u00e1n\u00ed s bohyn\u00ed<strong> Kuan Jin<\/strong> &#8211; p\u0159inese odpu\u0161t\u011bn\u00ed sob\u011b i ostatn\u00edm, otev\u00edr\u00e1 srdce<\/p>\n\n\n\n<p class=\"has-text-align-center has-pale-cyan-blue-color has-text-color has-link-color wp-elements-e96b4d3d24c37c95139d693ee44b7391\"><strong>5.11.<\/strong> Kr\u010dn\u00ed \u010dakra &#8211; setk\u00e1n\u00ed s bohyn\u00ed <strong>Saraswat\u00ed<\/strong> &#8211; propojen\u00ed s pravdou, s kan\u00e1lem moudrosti a kreativity<\/p>\n\n\n\n<p class=\"has-text-align-center has-vivid-cyan-blue-color has-text-color has-link-color wp-elements-c2765a5a85305f931e7b398a5a2c170c\"><strong>19.11.<\/strong> \u010cakra t\u0159et\u00edho oka &#8211; setk\u00e1n\u00ed s bohyn\u00ed<strong> Tarou<\/strong> &#8211; intuitivn\u00ed veden\u00ed<\/p>\n\n\n\n<p class=\"has-text-align-center has-vivid-purple-color has-text-color has-link-color wp-elements-9aa4a95baea77e36299d7c404f8b1938\"><strong>3.12.<\/strong> Korunn\u00ed \u010dakra &#8211; setk\u00e1n\u00ed s bohyn\u00ed<strong> Issis<\/strong> &#8211; ritu\u00e1l l\u00e9\u010den\u00ed negativn\u00edch otisk\u016f z minul\u00fdch \u017eivot\u016f<\/p>\n\n\n\n<p><\/p>\n\n\n\n<p><\/p>\n\n\n\n<p class=\"has-text-align-center has-luminous-vivid-amber-to-luminous-vivid-orange-gradient-background has-background has-medium-font-size\"><strong>Meditace v pohybu a tanci pro \u017eeny i mu\u017ee<\/strong>,<strong> pro p\u00e1ry<\/strong><\/p>\n\n\n\n<p class=\"has-text-align-center\">aneb uvoln\u011bn\u00ed, osvobozen\u00ed a harmonizace na\u0161ich 7 z\u00e1kladn\u00edch energetick\u00fdch center &#8211; \u010daker. Chakradance je velmi jemn\u00e1 a laskav\u00e1 cesta, jak odstranit bloky na \u00farovni fyzick\u00e9, emo\u010dn\u00ed \u010di my\u0161lenkov\u00e9, kter\u00e9 n\u00e1m br\u00e1n\u00ed naplno a v lehkosti pro\u017e\u00edvat a \u017e\u00edt n\u00e1\u0161 \u017eivot.<\/p>\n\n\n\n<p class=\"has-text-align-center\"><strong>Chakradance <\/strong>je unik\u00e1tn\u00ed <strong>kombinac\u00ed <\/strong>n\u011bkolika technik vytvo\u0159enou na z\u00e1klad\u011b <strong>jungovsk\u00e9 psychologie<\/strong>. <strong>Intuitivn\u00ed tanec\/pohyb<\/strong>, <strong>meditace<\/strong>, <strong>veden\u00e1 vizualizace<\/strong>, <strong>zp\u011bv manter<\/strong> a <strong>intuitivn\u00ed<\/strong> <strong>kresba<\/strong> &#8211; Mandala art. Toto v\u0161e za doprovodu <strong>speci\u00e1ln\u011b komponovan\u00e9 hudby<\/strong>, kter\u00e1 je frekven\u010dn\u011b nalad\u011bn\u00e1 na jednotliv\u00e9 \u010dakry a jejich vibrace.<\/p>\n\n\n\n<p class=\"has-text-align-center\"><strong>Chakradance<\/strong> n\u00e1s vede do p\u0159\u00edtomn\u00e9ho okam\u017eiku, kdy pravdiv\u011b vn\u00edm\u00e1me, c\u00edt\u00edme, vid\u00edme a pozn\u00e1v\u00e1me, k\u00fdm jsme.<\/p>\n\n\n\n<p class=\"has-text-align-center\"><strong>Autorkou<\/strong> konceptu <strong>Chakradance je Nathalie Southgates<\/strong>, \u017eij\u00edc\u00ed v Austr\u00e1lii. Poda\u0159il se j\u00ed opravdu mistrovsk\u00fd kousek!<\/p>\n\n\n\n<p><\/p>\n\n\n\n<p class=\"has-text-align-center has-luminous-vivid-amber-to-luminous-vivid-orange-gradient-background has-background has-medium-font-size\"><strong>Program Chakradance Freedom <\/strong>&#8211; <strong>kurz<\/strong> <strong>UVOLN\u011aN\u00cd<\/strong> <strong>&#8211; 9 setk\u00e1n\u00ed<\/strong><\/p>\n\n\n\n<p class=\"has-text-align-center\">Ka\u017ed\u00e9 setk\u00e1n\u00ed v kurzu <strong>Chakradance Uvoln\u011bn\u00ed <\/strong> je vlastn\u011b takovou aktivac\u00ed a z\u00e1rove\u0148 ritu\u00e1lem.<\/p>\n\n\n\n<p class=\"has-text-align-center\">Bude pro V\u00e1s p\u0159ipraven <strong>prostor energeticky nalad\u011bn\u00fd<\/strong> s kr\u00e1snou atmosf\u00e9rou, v\u016fn\u011bmi a sv\u00ed\u010dkami. I vy do n\u011bj budete vstupovat o\u010di\u0161t\u011bni v\u016fn\u00ed a kou\u0159em \u0161alv\u011bje b\u00edl\u00e9. Cel\u00fd program prob\u00edh\u00e1 v p\u0159\u00edtm\u00ed, aby ka\u017ed\u00fd \u00fa\u010dastn\u00edk z\u00edskal pocit soukrom\u00ed a z\u00e1rove\u0148 jemn\u00e9 tajemnosti, magi\u010dnosti a neoby\u010dejnosti.<\/p>\n\n\n\n<p class=\"has-text-align-center\">Doporu\u010duji meditac\u00ed proj\u00edt se zav\u0159en\u00fdma o\u010dima a nejl\u00e9pe s maskou na o\u010d\u00edch. Takto se opravdu pono\u0159\u00edte do sebe a nebude v\u00e1s nic z okol\u00ed rozptylovat. Ka\u017ed\u00fd \u00fa\u010dastn\u00edk bude m\u00edt sv\u016fj prostor, kter\u00fd bude d\u00e1n tenkou karimatkou, jej\u00ed\u017e okraje V\u00e1s v\u017edy jemn\u011b upozorn\u00ed, kde se p\u0159ibli\u017en\u011b pohybujete a nebojte, funguje to bezvadn\u011b. <\/p>\n\n\n\n<p class=\"has-text-align-center\"><strong>Prvn\u00ed setk\u00e1n\u00ed<\/strong>  je takovou ochutn\u00e1vkou, jemn\u00fdm sezn\u00e1men\u00edm se s esenc\u00ed a energi\u00ed jednotliv\u00fdch \u010daker. <\/p>\n\n\n\n<p class=\"has-text-align-center has-black-color has-text-color has-link-color wp-elements-36c680920201e240409c6352f9658d02\"><strong>Dal\u0161\u00edch 7 setk\u00e1n\u00ed<\/strong> je v\u011bnov\u00e1no jednotliv\u00fdm \u010dakr\u00e1m, hlubok\u00e9mu ponoru do energie ka\u017ed\u00e9 z nich. Budete m\u00edt prostor zac\u00edtit, zavn\u00edmat, pro\u017e\u00edt, co tato jednotliv\u00e1 energetick\u00e1 centra va\u0161emu \u017eivotu p\u0159in\u00e1\u0161ej\u00ed, kde je energie m\u00e1lo nebo naopak moc, kde se c\u00edt\u00edte voln\u011b a kde naopak je pot\u0159eba n\u011bco povolit, uvolnit. <\/p>\n\n\n\n<p class=\"has-text-align-center\"><strong>Zde z\u00e1kladn\u00ed esence jednotliv\u00fdch \u010daker:<\/strong><\/p>\n\n\n\n<p class=\"has-text-align-center has-vivid-red-color has-text-color has-link-color wp-elements-099545e358ed35fce7064801d83d6505\"><strong>Ko\u0159enov\u00e1 \u010dakra<\/strong> &#8211; bezpe\u010d\u00ed, uzemn\u011bn\u00ed, odvaha, instinkty, zem\u011b<\/p>\n\n\n\n<p class=\"has-text-align-center has-luminous-vivid-orange-color has-text-color has-link-color wp-elements-93dab1b6a3e5deafe0327840a1732199\"><strong>Sakr\u00e1ln\u00ed \u010dakra<\/strong> &#8211; v\u00e1\u0161e\u0148, smyslnost, kreativita, vnit\u0159n\u00ed \u017eena, emoce<\/p>\n\n\n\n<p class=\"has-text-align-center has-luminous-vivid-amber-color has-text-color has-link-color wp-elements-55d83df3b9f8b351755107d4f22b2536\"><strong>Solar plexus<\/strong> <strong>\u010dakra<\/strong>&#8211; sebev\u011bdom\u00ed, s\u00edla, vnit\u0159n\u00ed mu\u017e, hranice, ohe\u0144<\/p>\n\n\n\n<p class=\"has-text-align-center has-vivid-green-cyan-color has-text-color has-link-color wp-elements-f94142c4eef54abf31426c15dc9213d5\"><strong>Srde\u010dn\u00ed \u010dakra<\/strong> &#8211; srdce, soucit, bezpodm\u00edne\u010dn\u00e1 l\u00e1ska<\/p>\n\n\n\n<p class=\"has-text-align-center has-pale-cyan-blue-color has-text-color has-link-color wp-elements-699286dc90b70f49a52dc240230fda45\"><strong>Kr\u010dn\u00ed \u010dakra<\/strong> &#8211; autenticita, pravda, hlas, vzduch<\/p>\n\n\n\n<p class=\"has-text-align-center has-vivid-cyan-blue-color has-text-color has-link-color wp-elements-a9c102fbd1c8796da7dd249db6ec8bec\"><strong>\u010cakra t\u0159et\u00ed oko<\/strong> &#8211; napojen\u00ed na intuici, vhledy<\/p>\n\n\n\n<p class=\"has-text-align-center has-vivid-purple-color has-text-color has-link-color wp-elements-5268f118aa89df613f7e2f51b6168b5d\"><strong>Korunn\u00ed \u010dakra <\/strong>&#8211; bo\u017estv\u00ed, v\u0161e je v po\u0159\u00e1dku, hlubok\u00fd vnit\u0159n\u00ed klid, veden\u00ed<\/p>\n\n\n\n<p class=\"has-text-align-center has-black-color has-text-color has-link-color wp-elements-a20f9993b54cddf2085e47482f5110a2\"><strong>Posledn\u00ed 9 setk\u00e1n\u00ed<\/strong> je n\u00e1dhern\u00fdm z\u00e1v\u011brem, integrac\u00ed, kdy se va\u0161e pro\u017eitky z p\u0159edchoz\u00edch ve\u010der\u016f propoj\u00ed a budete m\u00edt mo\u017enost za\u017e\u00edt a proc\u00edtit svou celistvost, to k\u00fdm jste &#8211; bytost\u00ed, kter\u00e1 \u017eije v n\u00e1dhern\u00e9m t\u011ble \u017eensk\u00e9m nebo mu\u017esk\u00e9m, na kr\u00e1sn\u00e9 zemi, c\u00edt\u00ed se tu v bezpe\u010d\u00ed a v\u00ed, \u017ee je tady spr\u00e1vn\u011b, je spont\u00e1nn\u00ed a tvo\u0159iv\u00e1, v\u00ed kde jsou jej\u00ed hranice a um\u00ed \u0159\u00edkat ano i ne, m\u00e1 soucitn\u00e9 srdce, mluv\u00ed svou pravdu a je autentick\u00e1, je veden\u00e1 svou intuic\u00ed a vn\u00edm\u00e1 bo\u017esk\u00fd p\u016fvod sv\u00e9 du\u0161e.<\/p>\n\n\n\n<p class=\"has-text-align-center has-luminous-vivid-amber-to-luminous-vivid-orange-gradient-background has-background has-medium-font-size\"><strong>Kr\u00e1tk\u00e9 uk\u00e1zky<\/strong> Chakradance<\/p>\n\n\n\n<p class=\"has-text-align-center has-black-color has-text-color has-link-color wp-elements-b09fa9b9702d84952051e7c310012f9c\">7 z\u00e1kladn\u00edch energetick\u00fdch center &#8211; ka\u017ed\u00e9 m\u00e1 svou jasnou esenci, funkci, vibraci a energii. V\u0161echny jsou stejn\u011b d\u016fle\u017eit\u00e9 a jejich vylad\u011bn\u00ed a harmonizace jsou pro n\u00e1\u0161 zdrav\u00fd \u017eivot velmi p\u0159\u00edzniv\u00e9.<\/p>\n\n\n\n<p class=\"has-text-align-center has-vivid-red-color has-text-color has-link-color has-medium-font-size wp-elements-67224b59bbaa473f1659cf42759faf9b\"><strong>K<\/strong><img decoding=\"async\" class=\"wp-image-567\" style=\"width: 150px;\" src=\"https:\/\/veronikasouckova.cz\/wp-content\/uploads\/2024\/08\/Kopie-navrhu-Copy-of-TOOLKIT-Chakradance-Email-Banners-2.mp4\" alt=\"\"><strong>o\u0159enov\u00e1 \u010dakra <\/strong> Muladhara<\/p>\n\n\n\n<p><\/p>\n\n\n\n<p class=\"has-vivid-red-color has-text-color has-link-color has-medium-font-size wp-elements-5d809c21ddcefc4ae2189b7037db342c\"><img loading=\"lazy\" decoding=\"async\" width=\"700\" height=\"232\" class=\"wp-image-570\" style=\"width: 700px;\" src=\"https:\/\/veronikasouckova.cz\/wp-content\/uploads\/2024\/08\/chakra-korenova-scaled.jpg\" alt=\"\" srcset=\"https:\/\/veronikasouckova.cz\/wp-content\/uploads\/2024\/08\/chakra-korenova-scaled.jpg 2560w, https:\/\/veronikasouckova.cz\/wp-content\/uploads\/2024\/08\/chakra-korenova-300x100.jpg 300w, https:\/\/veronikasouckova.cz\/wp-content\/uploads\/2024\/08\/chakra-korenova-700x233.jpg 700w, https:\/\/veronikasouckova.cz\/wp-content\/uploads\/2024\/08\/chakra-korenova-768x255.jpg 768w, https:\/\/veronikasouckova.cz\/wp-content\/uploads\/2024\/08\/chakra-korenova-1536x510.jpg 1536w, https:\/\/veronikasouckova.cz\/wp-content\/uploads\/2024\/08\/chakra-korenova-2048x680.jpg 2048w\" sizes=\"auto, (max-width: 700px) 100vw, 700px\" \/><\/p>\n\n\n\n<figure class=\"wp-block-video\"><video height=\"1920\" style=\"aspect-ratio: 1080 \/ 1920;\" width=\"1080\" controls src=\"https:\/\/veronikasouckova.cz\/wp-content\/uploads\/2024\/08\/Video-korennova-cakra-1-cesky.mp4\" playsinline><\/video><\/figure>\n\n\n\n<p class=\"has-text-align-center has-luminous-vivid-orange-color has-text-color has-link-color has-medium-font-size wp-elements-c44f5037d6c58e418225df69a534bb27\"><strong>Sakr\u00e1ln\u00ed \u010dakra<\/strong> Svadhisthana<\/p>\n\n\n\n<figure class=\"wp-block-image size-large\"><img loading=\"lazy\" decoding=\"async\" width=\"700\" height=\"234\" src=\"https:\/\/veronikasouckova.cz\/wp-content\/uploads\/2024\/08\/cakra-2-700x234.png\" alt=\"\" class=\"wp-image-571\" srcset=\"https:\/\/veronikasouckova.cz\/wp-content\/uploads\/2024\/08\/cakra-2-700x234.png 700w, https:\/\/veronikasouckova.cz\/wp-content\/uploads\/2024\/08\/cakra-2-300x100.png 300w, https:\/\/veronikasouckova.cz\/wp-content\/uploads\/2024\/08\/cakra-2-768x256.png 768w, https:\/\/veronikasouckova.cz\/wp-content\/uploads\/2024\/08\/cakra-2-1536x513.png 1536w, https:\/\/veronikasouckova.cz\/wp-content\/uploads\/2024\/08\/cakra-2-2048x684.png 2048w\" sizes=\"auto, (max-width: 700px) 100vw, 700px\" \/><\/figure>\n\n\n\n<figure class=\"wp-block-video\"><video height=\"1920\" style=\"aspect-ratio: 1080 \/ 1920;\" width=\"1080\" controls src=\"https:\/\/veronikasouckova.cz\/wp-content\/uploads\/2024\/08\/Video-sakralni-cakra-2-cesky.mp4\" playsinline><\/video><\/figure>\n\n\n\n<p class=\"has-text-align-center has-luminous-vivid-amber-color has-text-color has-link-color has-medium-font-size wp-elements-ec25908672fbc60f6ca991a020d613d4\"><strong>\u010cakra solar plexus<\/strong>  Manipura<\/p>\n\n\n\n<figure class=\"wp-block-image size-large\"><img loading=\"lazy\" decoding=\"async\" width=\"700\" height=\"240\" src=\"https:\/\/veronikasouckova.cz\/wp-content\/uploads\/2024\/08\/Snimek-obrazovky-2024-08-11-v-19.36.55-700x240.png\" alt=\"\" class=\"wp-image-589\" srcset=\"https:\/\/veronikasouckova.cz\/wp-content\/uploads\/2024\/08\/Snimek-obrazovky-2024-08-11-v-19.36.55-700x240.png 700w, https:\/\/veronikasouckova.cz\/wp-content\/uploads\/2024\/08\/Snimek-obrazovky-2024-08-11-v-19.36.55-300x103.png 300w, https:\/\/veronikasouckova.cz\/wp-content\/uploads\/2024\/08\/Snimek-obrazovky-2024-08-11-v-19.36.55-768x264.png 768w, https:\/\/veronikasouckova.cz\/wp-content\/uploads\/2024\/08\/Snimek-obrazovky-2024-08-11-v-19.36.55-1536x527.png 1536w, https:\/\/veronikasouckova.cz\/wp-content\/uploads\/2024\/08\/Snimek-obrazovky-2024-08-11-v-19.36.55-2048x703.png 2048w\" sizes=\"auto, (max-width: 700px) 100vw, 700px\" \/><\/figure>\n\n\n\n<figure class=\"wp-block-video\"><video height=\"1920\" style=\"aspect-ratio: 1080 \/ 1920;\" width=\"1080\" controls src=\"https:\/\/veronikasouckova.cz\/wp-content\/uploads\/2024\/08\/Video-solar-plexus-3-cesky.mp4\" playsinline><\/video><\/figure>\n\n\n\n<p class=\"has-text-align-center has-vivid-green-cyan-color has-text-color has-link-color has-medium-font-size wp-elements-ef2e913eb42d156c308f12554d93e040\"><strong>Srde\u010dn\u00ed \u010dakra<\/strong>  Anahata<\/p>\n\n\n\n<figure class=\"wp-block-image size-large\"><img loading=\"lazy\" decoding=\"async\" width=\"700\" height=\"233\" src=\"https:\/\/veronikasouckova.cz\/wp-content\/uploads\/2024\/08\/Snimek-obrazovky-2024-08-11-v-19.46.37-700x233.png\" alt=\"\" class=\"wp-image-592\" srcset=\"https:\/\/veronikasouckova.cz\/wp-content\/uploads\/2024\/08\/Snimek-obrazovky-2024-08-11-v-19.46.37-700x233.png 700w, https:\/\/veronikasouckova.cz\/wp-content\/uploads\/2024\/08\/Snimek-obrazovky-2024-08-11-v-19.46.37-300x100.png 300w, https:\/\/veronikasouckova.cz\/wp-content\/uploads\/2024\/08\/Snimek-obrazovky-2024-08-11-v-19.46.37-768x255.png 768w, https:\/\/veronikasouckova.cz\/wp-content\/uploads\/2024\/08\/Snimek-obrazovky-2024-08-11-v-19.46.37-1536x511.png 1536w, https:\/\/veronikasouckova.cz\/wp-content\/uploads\/2024\/08\/Snimek-obrazovky-2024-08-11-v-19.46.37-2048x681.png 2048w\" sizes=\"auto, (max-width: 700px) 100vw, 700px\" \/><\/figure>\n\n\n\n<figure class=\"wp-block-video\"><video height=\"1920\" style=\"aspect-ratio: 1080 \/ 1920;\" width=\"1080\" controls src=\"https:\/\/veronikasouckova.cz\/wp-content\/uploads\/2024\/08\/Kratke-video-srdecni-cakra-4.mp4\" playsinline><\/video><\/figure>\n\n\n\n<p class=\"has-text-align-center has-pale-cyan-blue-color has-text-color has-link-color has-medium-font-size wp-elements-702eff43ea86f70a97ef7d4391eca191\"><strong>Kr\u010dn\u00ed \u010dakra<\/strong>  Vishuddha<\/p>\n\n\n\n<figure class=\"wp-block-image size-large\"><img loading=\"lazy\" decoding=\"async\" width=\"700\" height=\"231\" src=\"https:\/\/veronikasouckova.cz\/wp-content\/uploads\/2024\/08\/Snimek-obrazovky-2024-08-11-v-20.18.32-700x231.png\" alt=\"\" class=\"wp-image-601\" srcset=\"https:\/\/veronikasouckova.cz\/wp-content\/uploads\/2024\/08\/Snimek-obrazovky-2024-08-11-v-20.18.32-700x231.png 700w, https:\/\/veronikasouckova.cz\/wp-content\/uploads\/2024\/08\/Snimek-obrazovky-2024-08-11-v-20.18.32-300x99.png 300w, https:\/\/veronikasouckova.cz\/wp-content\/uploads\/2024\/08\/Snimek-obrazovky-2024-08-11-v-20.18.32-768x253.png 768w, https:\/\/veronikasouckova.cz\/wp-content\/uploads\/2024\/08\/Snimek-obrazovky-2024-08-11-v-20.18.32-1536x506.png 1536w, https:\/\/veronikasouckova.cz\/wp-content\/uploads\/2024\/08\/Snimek-obrazovky-2024-08-11-v-20.18.32-2048x675.png 2048w\" sizes=\"auto, (max-width: 700px) 100vw, 700px\" \/><\/figure>\n\n\n\n<figure class=\"wp-block-video\"><video height=\"1920\" style=\"aspect-ratio: 1080 \/ 1920;\" width=\"1080\" controls src=\"https:\/\/veronikasouckova.cz\/wp-content\/uploads\/2024\/08\/Kratke-video-krcni-cakra-5.mp4\" playsinline><\/video><\/figure>\n\n\n\n<p class=\"has-text-align-center has-vivid-cyan-blue-color has-text-color has-link-color has-medium-font-size wp-elements-2b8d6876c41dc762fbd6f46c52837839\"><strong>\u010cakra t\u0159et\u00edho oka<\/strong>  Ajna<\/p>\n\n\n\n<figure class=\"wp-block-image size-large\"><img loading=\"lazy\" decoding=\"async\" width=\"700\" height=\"233\" src=\"https:\/\/veronikasouckova.cz\/wp-content\/uploads\/2024\/08\/Snimek-obrazovky-2024-08-11-v-20.24.36-700x233.png\" alt=\"\" class=\"wp-image-603\" srcset=\"https:\/\/veronikasouckova.cz\/wp-content\/uploads\/2024\/08\/Snimek-obrazovky-2024-08-11-v-20.24.36-700x233.png 700w, https:\/\/veronikasouckova.cz\/wp-content\/uploads\/2024\/08\/Snimek-obrazovky-2024-08-11-v-20.24.36-300x100.png 300w, https:\/\/veronikasouckova.cz\/wp-content\/uploads\/2024\/08\/Snimek-obrazovky-2024-08-11-v-20.24.36-768x256.png 768w, https:\/\/veronikasouckova.cz\/wp-content\/uploads\/2024\/08\/Snimek-obrazovky-2024-08-11-v-20.24.36-1536x512.png 1536w, https:\/\/veronikasouckova.cz\/wp-content\/uploads\/2024\/08\/Snimek-obrazovky-2024-08-11-v-20.24.36-2048x682.png 2048w\" sizes=\"auto, (max-width: 700px) 100vw, 700px\" \/><\/figure>\n\n\n\n<figure class=\"wp-block-video\"><video height=\"1920\" style=\"aspect-ratio: 1080 \/ 1920;\" width=\"1080\" controls src=\"https:\/\/veronikasouckova.cz\/wp-content\/uploads\/2024\/08\/Kratke-video-treti-oko-6.mp4\" playsinline><\/video><\/figure>\n\n\n\n<p class=\"has-text-align-center has-vivid-purple-color has-text-color has-link-color has-medium-font-size wp-elements-df726ce753a6f8f9088df50ea4c2c111\"><strong>Korunn\u00ed \u010dakra<\/strong>  Sahasrara<\/p>\n\n\n\n<figure class=\"wp-block-image size-large\"><img loading=\"lazy\" decoding=\"async\" width=\"700\" height=\"236\" src=\"https:\/\/veronikasouckova.cz\/wp-content\/uploads\/2024\/08\/Snimek-obrazovky-2024-08-11-v-20.25.37-700x236.png\" alt=\"\" class=\"wp-image-605\" srcset=\"https:\/\/veronikasouckova.cz\/wp-content\/uploads\/2024\/08\/Snimek-obrazovky-2024-08-11-v-20.25.37-700x236.png 700w, https:\/\/veronikasouckova.cz\/wp-content\/uploads\/2024\/08\/Snimek-obrazovky-2024-08-11-v-20.25.37-300x101.png 300w, https:\/\/veronikasouckova.cz\/wp-content\/uploads\/2024\/08\/Snimek-obrazovky-2024-08-11-v-20.25.37-768x259.png 768w, https:\/\/veronikasouckova.cz\/wp-content\/uploads\/2024\/08\/Snimek-obrazovky-2024-08-11-v-20.25.37-1536x518.png 1536w, https:\/\/veronikasouckova.cz\/wp-content\/uploads\/2024\/08\/Snimek-obrazovky-2024-08-11-v-20.25.37-2048x691.png 2048w\" sizes=\"auto, (max-width: 700px) 100vw, 700px\" \/><\/figure>\n\n\n\n<figure class=\"wp-block-video\"><video height=\"1920\" style=\"aspect-ratio: 1080 \/ 1920;\" width=\"1080\" controls src=\"https:\/\/veronikasouckova.cz\/wp-content\/uploads\/2024\/08\/Kratke-video-korunni-cakra-7.mp4\" playsinline><\/video><\/figure>\n\n\n\n<p><\/p>\n\n\n\n<p><\/p>\n\n\n\n<p><\/p>\n","protected":false},"excerpt":{"rendered":"<p>KURZ CHAKRADANCE 2025 &#8211; setk\u00e1n\u00ed s archetypy bohyn\u00ed 7 setk\u00e1n\u00ed pro \u017eeny Za\u010d\u00edn\u00e1me 10.9. 18.30 &#8211; 21:30 1 x za 14 dn\u00ed Maitrea &#8211; d\u016fm osobn\u00edho rozvoje (T\u00fdnsk\u00e1 uli\u010dka) &#8211; mal\u00fd s\u00e1l Cena: pro jednotlivce 3.500,- 7 setk\u00e1n\u00ed prob\u011bhne v term\u00ednech: 10.9. , 24.9., 8.10. , 22.10, 5.11. , 19.11. , 3.12. 25 Jednotliv\u00e9 ve\u010dery\/setk\u00e1n\u00ed: &hellip; <\/p>\n<p class=\"link-more\"><a href=\"https:\/\/veronikasouckova.cz\/?page_id=552\" class=\"more-link\">Pokra\u010dovat ve \u010dten\u00ed<span class=\"screen-reader-text\"> &#8222;Ch a k r a d a n c e&#8220;<\/span><\/a><\/p>\n","protected":false},"author":2,"featured_media":558,"parent":0,"menu_order":0,"comment_status":"closed","ping_status":"closed","template":"","meta":{"footnotes":""},"class_list":["post-552","page","type-page","status-publish","has-post-thumbnail","hentry"],"_links":{"self":[{"href":"https:\/\/veronikasouckova.cz\/index.php?rest_route=\/wp\/v2\/pages\/552","targetHints":{"allow":["GET"]}}],"collection":[{"href":"https:\/\/veronikasouckova.cz\/index.php?rest_route=\/wp\/v2\/pages"}],"about":[{"href":"https:\/\/veronikasouckova.cz\/index.php?rest_route=\/wp\/v2\/types\/page"}],"author":[{"embeddable":true,"href":"https:\/\/veronikasouckova.cz\/index.php?rest_route=\/wp\/v2\/users\/2"}],"replies":[{"embeddable":true,"href":"https:\/\/veronikasouckova.cz\/index.php?rest_route=%2Fwp%2Fv2%2Fcomments&post=552"}],"version-history":[{"count":43,"href":"https:\/\/veronikasouckova.cz\/index.php?rest_route=\/wp\/v2\/pages\/552\/revisions"}],"predecessor-version":[{"id":748,"href":"https:\/\/veronikasouckova.cz\/index.php?rest_route=\/wp\/v2\/pages\/552\/revisions\/748"}],"wp:featuredmedia":[{"embeddable":true,"href":"https:\/\/veronikasouckova.cz\/index.php?rest_route=\/wp\/v2\/media\/558"}],"wp:attachment":[{"href":"https:\/\/veronikasouckova.cz\/index.php?rest_route=%2Fwp%2Fv2%2Fmedia&parent=552"}],"curies":[{"name":"wp","href":"https:\/\/api.w.org\/{rel}","templated":true}]}}